{"id":3287,"date":"2016-11-20T15:17:03","date_gmt":"2016-11-20T13:17:03","guid":{"rendered":"http:\/\/mhak.de\/?page_id=3287"},"modified":"2023-01-11T16:45:07","modified_gmt":"2023-01-11T14:45:07","slug":"jahresprogramm-2017","status":"publish","type":"page","link":"https:\/\/mhak.de\/?page_id=3287","title":{"rendered":"Historie 2017-2021"},"content":{"rendered":"<hr>\n<div style=\"margin-top:10px;\">\n<p><center><b>Vortr\u00e4ge und Exkursionen 2017<\/b><\/center><\/div>\n<\/p>\n<p><\/p>\n<p style=\"padding-left: 10px; background-color: #ffff66;\"><a href=\"https:\/\/mhak.de\/?p=3332\"><img decoding=\"async\" src=\"https:\/\/mhak.de\/wp-content\/uploads\/link.gif\" alt=\"Verkn\u00fcpfung\" \/>    09. Januar<\/a><br \/>\nOberst a.D. Jens Rohde:<br \/>\nPreu\u00dfische Soldaten in der Festungsstadt K\u00f6ln\n<\/p>\n<p><a href=\"https:\/\/mhak.de\/?p=3341\"><img decoding=\"async\" src=\"https:\/\/mhak.de\/wp-content\/uploads\/link.gif\" alt=\"Verkn\u00fcpfung\" \/> 06. Februar<\/a><br \/>\nGeneralmajor a.D. Rainer J. Jung:<br \/>\nDie Schlacht von K\u00f6niggr\u00e4tz 1866  <\/p>\n<p style=\"padding-left: 10px; background-color: #ffff66;\"><a href=\"https:\/\/mhak.de\/?p=3365\"><img decoding=\"async\" src=\"https:\/\/mhak.de\/wp-content\/uploads\/link.gif\" alt=\"Verkn\u00fcpfung\" \/>   06. M\u00e4rz<\/a><br \/>\nOberst a.D. Henning F\u00f6ls:<br \/>\nDer milit\u00e4rische Griff des Islams nach Europa 711-1683\n<\/p>\n<p><a href=\"https:\/\/mhak.de\/?p=3373\"><img decoding=\"async\" src=\"https:\/\/mhak.de\/wp-content\/uploads\/link.gif\" alt=\"Verkn\u00fcpfung\" \/> 03. April<\/a><br \/>\nOberstleutnant a.D. Uwe Pilz:<br \/>\nFriedrich Wilhelm I. von Braunschweig-L\u00fcneburg, genannt der \u201eSchwarze Herzog\u201c: Sein Kampf mit der \u201eSchwarzen Schar\u201c und dem Leibbataillon Braunschweig gegen Napoleon  <\/p>\n<p style=\"padding-left: 10px; background-color: #ffff66;\"><a href=\"https:\/\/mhak.de\/?p=3408\"><img decoding=\"async\" src=\"https:\/\/mhak.de\/wp-content\/uploads\/link.gif\" alt=\"Verkn\u00fcpfung\" \/>   02. Mai <strong>(Dienstag !)<\/strong><\/a><br \/>\nStabshauptmann a.D. Peter Baus:<br \/>\nFlandern 1917 \u2013 Einf\u00fchrungsvortrag zur folgenden Exkursion<br \/>\n06. \u2013 08. Mai<br \/>\nStabshauptmann a.D. Peter Baus:<br \/>\nFlandern 1917 \u2013 Exkursion\n<\/p>\n<p><a href=\"https:\/\/mhak.de\/?p=3411\"><img decoding=\"async\" src=\"https:\/\/mhak.de\/wp-content\/uploads\/link.gif\" alt=\"Verkn\u00fcpfung\" \/> 06. Juni<\/a><br \/>\nOberst a.D. Henning F\u00f6ls:<br \/>\nVom Schwert zur Feder:<br \/>\nDeutsche Kriegsgefangene im Dienst der amerikanischen Kriegsgeschichtsschreibung: Franz Halder und die \u201eOperational History (German) Section\u201c<\/p>\n<p style=\"padding-left: 10px; background-color: #ffff66;\"><a href=\"https:\/\/mhak.de\/?p=3417\"><img decoding=\"async\" src=\"https:\/\/mhak.de\/wp-content\/uploads\/link.gif\" alt=\"Verkn\u00fcpfung\" \/>   03. Juli<\/a><br \/>\nOberstleutnant a.D. Dietrich Lenski:<br \/>\nDie Schlacht bei Belgrad 16.8.1717\n<\/p>\n<p><a href=\"https:\/\/mhak.de\/?p=3449\"><img decoding=\"async\" src=\"https:\/\/mhak.de\/wp-content\/uploads\/link.gif\" alt=\"Verkn\u00fcpfung\" \/> 07. August<\/a><br \/>\nOberstleutnant a.D. Wolfram G\u00fcnter Heydel:<br \/>\nMansteins Rochade und der Gegenschlag am Donez im Februar und M\u00e4rz 1943<\/p>\n<p style=\"padding-left: 10px; background-color: #ffff66;\">   <a href=\"https:\/\/mhak.de\/?p=3477\"><img decoding=\"async\" src=\"https:\/\/mhak.de\/wp-content\/uploads\/link.gif\" alt=\"Verkn\u00fcpfung\" \/> 04. September<br \/>\nOberst a.D. Hans-Wilhelm M\u00f6ser:<br \/>\nKaiser Heinrich IV.  <\/p>\n<p> 08. Oktober <strong>(Sonntag!)<\/strong><\/a><br \/>\nHans-Josef Hansen:<br \/>\nTages-Exkursion zum Westwall in der Nordeifel<\/p>\n<p style=\"padding-left: 10px; background-color: #ffff66;\"><a href=\"https:\/\/mhak.de\/?p=3481\"><img decoding=\"async\" src=\"https:\/\/mhak.de\/wp-content\/uploads\/link.gif\" alt=\"Verkn\u00fcpfung\" \/>   09. Oktober<\/a><br \/>\nOberst a.D. Holger Henning Aulike:<br \/>\nDie Zusammenarbeit der Reichswehr mit der Roten Armee 1920 \u2013 1933\n<\/p>\n<p><a href=\"https:\/\/mhak.de\/?p=3502\"><img decoding=\"async\" src=\"https:\/\/mhak.de\/wp-content\/uploads\/link.gif\" alt=\"Verkn\u00fcpfung\" \/> 06. November<\/a><br \/>\nOberst a. D. Manfred L\u00fcckenbach:<br \/>\nDie Legion Condor im Spanischen B\u00fcrgerkrieg \u2013<br \/>\nExperimentierfeld der Wehrmacht <\/p>\n<p style=\"padding-left: 10px; background-color: #ffff66;\"><a href=\"https:\/\/mhak.de\/?p=3508\"><img decoding=\"async\" src=\"https:\/\/mhak.de\/wp-content\/uploads\/link.gif\" alt=\"Verkn\u00fcpfung\" \/>   04. Dezember<\/a><br \/>\nOberst a.D. Dieter Ohm:<br \/>\nDie Rolle des Krieges bei Kant und bei Hegel\n<\/p>\n<p><center><\/p>\n<p>Archiv\u00fcbersicht der <a href=\"https:\/\/mhak.de\/?cat=146\"><img loading=\"lazy\" decoding=\"async\" src=\"https:\/\/mhak.de\/wp-content\/uploads\/link.gif\" alt=\"\" title=\"link\" width=\"11\" height=\"10\" \/> Vortr\u00e4ge in 2017<\/a><\/p>\n<p><\/center><\/p>\n<hr>\n<div style=\"margin-top:10px;\">\n<p><center><b>Vortr\u00e4ge und Exkursionen 2018<\/b><\/center><\/div>\n<\/p>\n<p><\/p>\n<p style=\"padding-left: 10px; background-color: #ffff66;\">   08. Januar<br \/>\nOberst a.D. Dr. Michael Vollert:<br \/>\nDie Lufthansa 1926 &#8211; 1945. Ein Unternehmen unter dem Einfluss von Politik und Milit\u00e4r\n<\/p>\n<p> 05. Februar<br \/>\nRegierungsdirektor a.D. Dr. Reinhard Stumpf:<br \/>\nGeneralfeldmarschall Helmuth von Moltke<\/p>\n<p style=\"padding-left: 10px; background-color: #ffff66;\">   05. M\u00e4rz<br \/>\nOberst a.D. Hans-Wilhelm M\u00f6ser:<br \/>\nDie Kreuzz\u00fcge\n<\/p>\n<p> 09. April<br \/>\nOberst a.D. Konrad Menny:<br \/>\nGlaubenseifer und Machtkampf.<br \/>\nSchwedens Aufstieg zur Gro\u00dfmacht im Drei\u00dfigj\u00e4hrigen Krieg.<\/p>\n<p style=\"padding-left: 10px; background-color: #ffff66;\">   07. Mai<br \/>\nBrigadegeneral a.D. Eckard Lisec:<br \/>\nDer Armenocide \u2013 Hintergr\u00fcnde und Fakten\n<\/p>\n<p> 12. Mai<br \/>\nOberst a.D. Henning F\u00f6ls\/Oberstleutnant a.D. Matyschock:<br \/>\nTagesexkursion zur Festung Ehrenbreitstein und nach Koblenz<\/p>\n<p style=\"padding-left: 10px; background-color: #ffff66;\">   04. Juni<br \/>\nKapit\u00e4n z.S. a.D. Horst Dieter Maurer:<br \/>\nGeschichte der deutschen Marineflieger\n<\/p>\n<p> 02. Juli<br \/>\nGeneralmajor a.D. Rainer J. Jung:<br \/>\nDer Weg nach Versailles<\/p>\n<p style=\"padding-left: 10px; background-color: #ffff66;\">   06. August<br \/>\nFregattenkapit\u00e4n a.D. Dr. Heinrich Walle:<br \/>\nDie Reisen des Apostels Paulus, navigatorisch betrachtet\n<\/p>\n<p> 03. September<br \/>\nEinf\u00fchrungsvortrag zur folgenden Exkursion <\/p>\n<p style=\"padding-left: 10px; background-color: #ffff66;\">   14. \u2013 16. September<br \/>\nOberstleutnant a.D. Uwe Pilz:<br \/>\nExkursion zu den Themen:<br \/>\nDer deutsche Bauernkrieg in Th\u00fcringen;<br \/>\nBesuch des Kyffh\u00e4user-Denkmal und von Bad Frankenhausen.<br \/>\nDer \u201ePoint Alpha\u201c im Kalten Krieg.\n<\/p>\n<p><font color=\"FF0000\"> 08. Oktober (\u00c4nderung)<\/font><br \/>\nKapit\u00e4n z. S. Uwe Dirks<br \/>\nDer \u201eNaval Scare\u201c in Gro\u00dfbrittanien von 1909 <\/p>\n<p style=\"padding-left: 10px; background-color: #ffff66;\"><font color=\"FF0000\">   05. November (\u00c4nderung)<\/font><br \/>\nOberstleutnant Dirk M\u00fclleneisen:<br \/>\nOperation Desert Storm\/Desert Shield 1991\n<\/p>\n<p> 07. Januar<br \/>\nOberst a.D. Hans-Wilhelm M\u00f6ser:<br \/>\nFriedrich Barbarossa<\/p>\n<p><center><\/p>\n<p>Archiv\u00fcbersicht der <a href=\"https:\/\/mhak.de\/?cat=175\"><img loading=\"lazy\" decoding=\"async\" src=\"https:\/\/mhak.de\/wp-content\/uploads\/link.gif\" alt=\"\" title=\"link\" width=\"11\" height=\"10\" \/> Vortr\u00e4ge in 2018<\/a><\/p>\n<p><\/center><\/p>\n<hr>\n<div style=\"margin-top:10px;\">\n<p><center><b>Vortr\u00e4ge und Exkursionen 2019<\/b><\/center><\/div>\n<\/p>\n<p><\/p>\n<p> 07.Januar<br \/>\nOberstleutnant a.D. MA Bernhard Wacker:<br \/>\nDie Perserkriege<\/p>\n<p style=\"padding-left: 10px; background-color: #ffff66;\">   04. Februar<br \/>\nOberst i.G. Benedict Frhr. v. Andrian-Werburg:<br \/>\nDie Schlacht von Leuthen 1757\n<\/p>\n<p> 11. M\u00e4rz<br \/>\nJ\u00fcrgen Frey:<br \/>\nMatrosenaufstand 1918<\/p>\n<p style=\"padding-left: 10px; background-color: #ffff66;\">   01. April<br \/>\nMinisterialrat a.D. Ernst S. von Heydebrand:<br \/>\nDeutschland und die irische Unabh\u00e4ngigkeitsbewegung im Zeitalter der Weltkriege\n<\/p>\n<p> 06. Mai<br \/>\nOberst a.D. Henning F\u00f6ls:<br \/>\nDer Bauernkrieg 1525 in Franken<\/p>\n<p style=\"padding-left: 10px; background-color: #ffff66;\">   11.-13. Mai<br \/>\nOberst a. D. Henning F\u00f6ls:<br \/>\nExkursion zum Thema \u201eBauernkrieg 1525 in Franken\u201c in Fortsetzung des Themas \u201eBauernkrieg 1525 in Th\u00fcringen\u201c vom September 2018.\n<\/p>\n<p> 03. Juni<br \/>\nHilke Langhammer, M.A.:<br \/>\nBehandlung von Kriegsgefangenen in Deutschland w\u00e4hrend des I. Weltkriegs am Beispiele der Kriegsgefangenenlager im Raum Celle <\/p>\n<p style=\"padding-left: 10px; background-color: #ffff66;\">   01. Juli<br \/>\nOberst a.D. Dr. Michael Vollert:<br \/>\nDer Volkssturm \u2013 ein gescheiterter Versuch, die Niederlage des Deutschen Reiches abzuwenden.\n<\/p>\n<p> 12. August (!)<br \/>\nBrigadegeneral a.D. Eckard Lisec:<br \/>\nDie t\u00fcrkische Armee \u2013 ihr Verh\u00e4ltnis zum jeweiligen Souver\u00e4n und zur Religion<\/p>\n<p style=\"padding-left: 10px; background-color: #ffff66;\">   02. September<br \/>\nOberstleutnant a.D. Uwe Pilz:<br \/>\nSchills Zug 1809.<br \/>\nHoffnung und Scheitern eines Aufstandsversuches\n<\/p>\n<p> 07. Oktober<br \/>\nOberst a.D. Manfred L\u00fcckenbach:<br \/>\nDie Starfighter-Krise in der deutschen Luftwaffe<\/p>\n<p style=\"padding-left: 10px; background-color: #ffff66;\">    <strong>26.Oktober (NEU !)<\/strong><br \/>\nOberst a.D. J\u00fcrgen Eigenbrod:<br \/>\nExkursion: Der Limes im Raum Bad Ems\n<\/p>\n<p> 04. November<br \/>\n<del datetime=\"2019-09-10T17:08:09+00:00\">Oberst a.D. Reinhard Diefenbach:<br \/>\nCarabinieri &#8211; Truppe zwischen Mythos und Wirklichkeit.<\/del><br \/>\nOberst a.D. Henning F\u00f6ls:<br \/>\nBrennpunkt Kaschmir<\/p>\n<p style=\"padding-left: 10px; background-color: #ffff66;\">   02. Dezember<br \/>\nOberst a.D. Holger Henning Aulike:<br \/>\nJosef Stalin\n<\/p>\n<p><center><\/p>\n<p>Archiv\u00fcbersicht der <a href=\"https:\/\/mhak.de\/?cat=194\"><img loading=\"lazy\" decoding=\"async\" src=\"https:\/\/mhak.de\/wp-content\/uploads\/link.gif\" alt=\"\" title=\"link\" width=\"11\" height=\"10\" \/> Vortr\u00e4ge in 2019<\/a><\/p>\n<p><\/center><\/p>\n<hr>\n<div style=\"margin-top:10px;\">\n<p><center><b>Vortr\u00e4ge und Exkursionen im Corona-Jahr 2020<\/b><\/center><\/div>\n<\/p>\n<p>\n 13. Januar<br \/>\nOberst a.D. Hans-Wilhelm M\u00f6ser:<br \/>\nDer Deutsche Orden im Mittelalter <\/p>\n<p style=\"padding-left: 10px; background-color: #ffff66;\">   03. Februar<br \/>\nOTL a.D. Peter Willers:<br \/>\nEinsatz als Soldat und Minenr\u00e4umer weltweit\n<\/p>\n<p> 09. M\u00e4rz<br \/>\nProf. Dr. Heinz Richter:<br \/>\nDie Griechen im Osmanischen Reich 1913-1923.<br \/>\nIhre Verfolgung und Vertreibung<\/p>\n<p style=\"padding-left: 10px; background-color: #ffff66;\"><del datetime=\"2020-03-20T08:23:29+00:00\">   06. April<br \/>\nOberst a.D. Konrad Menny:<br \/>\nGro\u00dfbritannien und die Amerikanische Revolution 1773-86<br \/>\n<\/del>\n<\/p>\n<p><del datetime=\"2020-03-20T08:23:29+00:00\"><br \/>\n 04. Mai<br \/>\nStabshauptmann a.D. Peter Baus:<br \/>\nVom fr\u00fchneuzeitlichen Festungsbau bis zur Maginot-Linie<br \/>\nDie deutsch-franz\u00f6sischen Grenzbefestigungen in Lothringen<br \/>\n<\/del><\/p>\n<p style=\"padding-left: 10px; background-color: #ffff66;\"><del datetime=\"2020-03-20T08:23:29+00:00\">   16.\/17. Mai<br \/>\nStabshauptmann a.D. Peter Baus:<br \/>\nExkursion zur Saar:<br \/>\nBesichtigung der Festungsstadt Saarlouis,<br \/>\ndes Fort Hackenberg der Maginot-Linie und<br \/>\nvon Westwallanlagen des Orschholzriegels<\/del>\n<\/p>\n<p> 08. Juni<br \/>\nOberst a.D. Konrad Menny:<br \/>\nGro\u00dfbritannien und die Amerikanische Revolution 1773-86<\/p>\n<p style=\"padding-left: 10px; background-color: #ffff66;\">   06. Juli<br \/>\nGeneralmajor a.D. Rainer J. Jung:<br \/>\nDer deutsch-franz\u00f6sische Krieg 1870\/71 \u2013 Von Bad Ems nach Versailles\n<\/p>\n<p> 17. August (!)<br \/>\nKapit\u00e4n z. S. Uwe Dirks:<br \/>\nDie Strategie der japanischen Marine von 1915 bis 1941 und ihr Scheitern 1942.<\/p>\n<p style=\"padding-left: 10px; background-color: #ffff66;\">   07. September<br \/>\nOberst a.D. Henning F\u00f6ls:<br \/>\nDas Sanit\u00e4tswesen der Wehrmacht im II. Weltkrieg\n<\/p>\n<p><del datetime=\"2022-01-23T08:23:29+00:00\"> 15. -18.9. September<br \/>\nOberstleutnant a.D. Uwe Pilz:<br \/>\nExkursion K\u00f6nigsstein<\/del><\/p>\n<p style=\"padding-left: 10px; background-color: #ffff66;\">   05. Oktober<br \/>\nOberstleutnant a.D. Wolfram G\u00fcnter Heydel:<br \/>\nDer Peleponnesische Krieg 431-404. v. Chr\n<\/p>\n<p><del datetime=\"2020-10-16T12:34:14+00:00\"> 02. November<br \/>\nRegierungsdirektor a.D. Dr. Reinhard Stumpf:<br \/>\nDer Afrikafeldzug 1941-1943<\/del><\/p>\n<p style=\"padding-left: 10px; background-color: #ffff66;\"><del datetime=\"2020-10-16T12:35:33+00:00\"><br \/>\n   07. Dezember<br \/>\nFlotillenadmiral a.D. Viktor Toyka:<br \/>\nPanzerschiff Admiral Graf Spee und<br \/>\nKapit\u00e4n zur See Hans Wilhelm Langsdorff 1939<\/del>\n<\/p>\n<p><center><\/p>\n<p>Archiv\u00fcbersicht der <a href=\"https:\/\/mhak.de\/?cat=208\"><img loading=\"lazy\" decoding=\"async\" src=\"https:\/\/mhak.de\/wp-content\/uploads\/link.gif\" alt=\"\" title=\"link\" width=\"11\" height=\"10\" \/> Vortr\u00e4ge in 2020<\/a><\/p>\n<p><\/center><\/p>\n<hr \/>\n<div style=\"margin-top:10px;\">\n<p><center><b>Vortr\u00e4ge und Exkursionen im Corona-Jahr 2021<\/b><\/center><\/div>\n<\/p>\n<p><\/p>\n<p style=\"padding-left: 10px; background-color: #ffff66;\"> 05.Juli:<br \/>\nOberst a.D. Henning F\u00f6ls<br \/>\nPazifik-Krieg Teil II:<br \/>\nVon Tarawa nach Okinawa &#8211; Die R\u00fcckeroberung 1943-1945.<\/p>\n<p> 2.August:<br \/>\nOberst a.D. Jens Rohde<br \/>\nVor drei\u00dfig Jahren \u2013 Der Putsch in Moskau<\/p>\n<p style=\"padding-left: 10px; background-color: #ffff66;\"> 6.September:<br \/>\nOberst a.D. Dr. Michael Vollert:<br \/>\nDie franz\u00f6sischen Kolonien \u2013 Die Rolle des Milit\u00e4rs\n<\/p>\n<p> 4.Oktober:<br \/>\nOberst a.D. Hans-Wilhelm M\u00f6ser<br \/>\nKaiser Friedrich II<\/p>\n<p style=\"padding-left: 10px; background-color: #ffff66;\"> 8.November:<br \/>\nGeneral a.D. Egon Ramms<br \/>\n20 Jahre Afghanistan &#8211; vom 11. September 2001 bis zum 31. August 2021\n<\/p>\n<p> 6.Dezember:<br \/>\nRegierungsdirektor a.D. Dr. Reinhard Stumpf<br \/>\nDer Afrikafeldzug 1941-1943<br \/>\n<center><\/p>\n<p>Archiv\u00fcbersicht der <a href=\"https:\/\/mhak.de\/?cat=220\"><img loading=\"lazy\" decoding=\"async\" src=\"https:\/\/mhak.de\/wp-content\/uploads\/link.gif\" alt=\"\" title=\"link\" width=\"11\" height=\"10\" \/> Vortr\u00e4ge in 2021<\/a><\/p>\n<p><\/center><\/p>\n","protected":false},"excerpt":{"rendered":"<p>Vortr\u00e4ge und Exkursionen 2017 09. Januar Oberst a.D. Jens Rohde: Preu\u00dfische Soldaten in der Festungsstadt K\u00f6ln 06. Februar Generalmajor a.D. Rainer J. Jung: Die Schlacht von K\u00f6niggr\u00e4tz 1866 06. M\u00e4rz Oberst a.D. Henning F\u00f6ls: Der milit\u00e4rische Griff des Islams nach Europa 711-1683 03. April Oberstleutnant a.D. Uwe Pilz: Friedrich Wilhelm I. von Braunschweig-L\u00fcneburg, genannt der [&hellip;]<\/p>\n","protected":false},"author":1,"featured_media":0,"parent":0,"menu_order":990,"comment_status":"closed","ping_status":"closed","template":"","meta":{"ngg_post_thumbnail":0,"footnotes":""},"class_list":["post-3287","page","type-page","status-publish","hentry"],"jetpack_shortlink":"https:\/\/wp.me\/P1G9BX-R1","jetpack_sharing_enabled":true,"publishpress_future_action":{"enabled":false,"date":"2026-05-04 12:27:38","action":"change-status","newStatus":"draft","terms":[],"taxonomy":"","extraData":[]},"publishpress_future_workflow_manual_trigger":{"enabledWorkflows":[]},"_links":{"self":[{"href":"https:\/\/mhak.de\/index.php?rest_route=\/wp\/v2\/pages\/3287","targetHints":{"allow":["GET"]}}],"collection":[{"href":"https:\/\/mhak.de\/index.php?rest_route=\/wp\/v2\/pages"}],"about":[{"href":"https:\/\/mhak.de\/index.php?rest_route=\/wp\/v2\/types\/page"}],"author":[{"embeddable":true,"href":"https:\/\/mhak.de\/index.php?rest_route=\/wp\/v2\/users\/1"}],"replies":[{"embeddable":true,"href":"https:\/\/mhak.de\/index.php?rest_route=%2Fwp%2Fv2%2Fcomments&post=3287"}],"version-history":[{"count":0,"href":"https:\/\/mhak.de\/index.php?rest_route=\/wp\/v2\/pages\/3287\/revisions"}],"wp:attachment":[{"href":"https:\/\/mhak.de\/index.php?rest_route=%2Fwp%2Fv2%2Fmedia&parent=3287"}],"curies":[{"name":"wp","href":"https:\/\/api.w.org\/{rel}","templated":true}]}}